{"id":28,"date":"2025-02-08T18:38:42","date_gmt":"2025-02-08T17:38:42","guid":{"rendered":"https:\/\/amicale-ccff-pugetsurargens.org\/?page_id=28"},"modified":"2025-04-21T10:29:45","modified_gmt":"2025-04-21T08:29:45","slug":"accueil","status":"publish","type":"page","link":"https:\/\/amicale-ccff-pugetsurargens.org\/","title":{"rendered":"Accueil"},"content":{"rendered":"\n<p class=\"has-text-align-center\">Bienvenue sur le site de l&#8217; Amicale du CCFF de Puget sur Argens<\/p>\n\n\n<ul class=\"wp-block-page-list has-medium-font-size\"><li class=\"wp-block-pages-list__item menu-item-home\"><a class=\"wp-block-pages-list__item__link\" href=\"https:\/\/amicale-ccff-pugetsurargens.org\/\">Accueil<\/a><\/li><li class=\"wp-block-pages-list__item\"><a class=\"wp-block-pages-list__item__link\" href=\"https:\/\/amicale-ccff-pugetsurargens.org\/index.php\/ouverture-des-massifs\/\">Ouverture des massifs<\/a><\/li><li class=\"wp-block-pages-list__item\"><a class=\"wp-block-pages-list__item__link\" href=\"https:\/\/amicale-ccff-pugetsurargens.org\/index.php\/actualites\/\">Actualit\u00e9s<\/a><\/li><li class=\"wp-block-pages-list__item\"><a class=\"wp-block-pages-list__item__link\" href=\"https:\/\/amicale-ccff-pugetsurargens.org\/index.php\/utile\/\">Utile<\/a><\/li><li class=\"wp-block-pages-list__item\"><a class=\"wp-block-pages-list__item__link\" href=\"https:\/\/amicale-ccff-pugetsurargens.org\/index.php\/plan-dacces\/\">Plan d&#8217;acc\u00e8s<\/a><\/li><\/ul>\n\n\n<hr class=\"wp-block-separator has-alpha-channel-opacity is-style-wide\"\/>\n\n\n\n<p class=\"has-text-align-center\">Carte d&#8217;acc\u00e8s aux massifs<br><\/p>\n\n\n<div class=\"wp-block-image\">\n<figure class=\"aligncenter size-full\"><a href=\"https:\/\/www.risque-prevention-incendie.fr\/var\/index.html\" target=\"_blank\" rel=\" noreferrer noopener\"><img loading=\"lazy\" decoding=\"async\" width=\"429\" height=\"143\" src=\"http:\/\/amicale-ccff-pugetsurargens.org\/wp-content\/uploads\/2025\/04\/prefet-du-var.jpg\" alt=\"\" class=\"wp-image-213\" srcset=\"https:\/\/amicale-ccff-pugetsurargens.org\/wp-content\/uploads\/2025\/04\/prefet-du-var.jpg 429w, https:\/\/amicale-ccff-pugetsurargens.org\/wp-content\/uploads\/2025\/04\/prefet-du-var-300x100.jpg 300w\" sizes=\"auto, (max-width: 429px) 100vw, 429px\" \/><\/a><\/figure>\n<\/div>\n\n\n<hr class=\"wp-block-separator has-alpha-channel-opacity\"\/>\n\n\n\n<p class=\"has-text-align-center\">Nous sommes membres de L\u2019Association D\u00e9partementale des Comit\u00e9s Communaux Feux de For\u00eats du Var<\/p>\n\n\n\n<p><\/p>\n\n\n<div class=\"wp-block-image\">\n<figure class=\"aligncenter size-full is-resized\"><a href=\"https:\/\/adccff83.org\/\" target=\"_blank\" rel=\" noreferrer noopener\"><img loading=\"lazy\" decoding=\"async\" width=\"411\" height=\"407\" src=\"http:\/\/amicale-ccff-pugetsurargens.org\/wp-content\/uploads\/2025\/02\/Logo-CCFF2.gif\" alt=\"\" class=\"wp-image-69\" style=\"width:221px;height:auto\"\/><\/a><\/figure>\n<\/div>\n\n\n<hr class=\"wp-block-separator has-alpha-channel-opacity is-style-wide\"\/>\n\n\n\n<p class=\"has-text-align-center\">Nous faisons partie de la R\u00e9serve Communales de S\u00e9curit\u00e9 Civile (RCSC) de la ville de Puget sur Argens<\/p>\n\n\n<div class=\"wp-block-image\">\n<figure class=\"aligncenter size-full is-resized\"><a href=\"https:\/\/www.pugetsurargens.fr\/\" target=\"_blank\" rel=\" noreferrer noopener\"><img loading=\"lazy\" decoding=\"async\" width=\"600\" height=\"597\" src=\"http:\/\/amicale-ccff-pugetsurargens.org\/wp-content\/uploads\/2025\/02\/Logo-RCSC2.gif\" alt=\"\" class=\"wp-image-72\" style=\"width:220px;height:auto\"\/><\/a><\/figure>\n<\/div>\n\n\n<hr class=\"wp-block-separator has-alpha-channel-opacity\"\/>\n\n\n\n<p class=\"has-text-align-center\">Formulaire d&#8217;adh\u00e9sion<br><\/p>\n\n\n<div class=\"wp-block-image\">\n<figure class=\"aligncenter size-full\"><a href=\"http:\/\/amicale-ccff-pugetsurargens.org\/wp-content\/uploads\/2025\/03\/Volontaire.pdf\" target=\"_blank\" rel=\" noreferrer noopener\"><img loading=\"lazy\" decoding=\"async\" width=\"180\" height=\"169\" src=\"http:\/\/amicale-ccff-pugetsurargens.org\/wp-content\/uploads\/2025\/03\/Join_us.gif\" alt=\"\" class=\"wp-image-186\"\/><\/a><\/figure>\n<\/div>\n\n\n<hr class=\"wp-block-separator has-alpha-channel-opacity is-style-wide\"\/>\n\n\n\n<p>Derniers articles<\/p>\n\n\n\n<ul class=\"wp-block-list\">\n<li><\/li>\n<\/ul>\n\n\n<ul class=\"wp-block-latest-posts__list wp-block-latest-posts\"><li><a class=\"wp-block-latest-posts__post-title\" href=\"https:\/\/amicale-ccff-pugetsurargens.org\/index.php\/2025\/05\/14\/barbecue\/\">Barbecue<\/a><\/li>\n<li><a class=\"wp-block-latest-posts__post-title\" href=\"https:\/\/amicale-ccff-pugetsurargens.org\/index.php\/2025\/04\/21\/infos-prevention\/\">Infos Pr\u00e9vention<\/a><\/li>\n<li><a class=\"wp-block-latest-posts__post-title\" href=\"https:\/\/amicale-ccff-pugetsurargens.org\/index.php\/2025\/03\/29\/information-brulage\/\">Information Br\u00fblage<\/a><\/li>\n<li><a class=\"wp-block-latest-posts__post-title\" href=\"https:\/\/amicale-ccff-pugetsurargens.org\/index.php\/2025\/02\/09\/infos-debroussaillage\/\">Infos d\u00e9broussaillage<\/a><\/li>\n<\/ul>\n\n\n<hr class=\"wp-block-separator has-alpha-channel-opacity\"\/>\n\n\n<div class=\"wp-block-image\">\n<figure class=\"aligncenter size-full is-resized\"><a href=\"https:\/\/www.valabre.com\/\" target=\"_blank\" rel=\" noreferrer noopener\"><img loading=\"lazy\" decoding=\"async\" width=\"1000\" height=\"1008\" src=\"http:\/\/amicale-ccff-pugetsurargens.org\/wp-content\/uploads\/2025\/04\/LOGO-VALABRE-COUL-CADRE.jpg\" alt=\"\" class=\"wp-image-214\" style=\"width:262px;height:auto\" srcset=\"https:\/\/amicale-ccff-pugetsurargens.org\/wp-content\/uploads\/2025\/04\/LOGO-VALABRE-COUL-CADRE.jpg 1000w, https:\/\/amicale-ccff-pugetsurargens.org\/wp-content\/uploads\/2025\/04\/LOGO-VALABRE-COUL-CADRE-298x300.jpg 298w, https:\/\/amicale-ccff-pugetsurargens.org\/wp-content\/uploads\/2025\/04\/LOGO-VALABRE-COUL-CADRE-150x150.jpg 150w, https:\/\/amicale-ccff-pugetsurargens.org\/wp-content\/uploads\/2025\/04\/LOGO-VALABRE-COUL-CADRE-768x774.jpg 768w, https:\/\/amicale-ccff-pugetsurargens.org\/wp-content\/uploads\/2025\/04\/LOGO-VALABRE-COUL-CADRE-268x270.jpg 268w\" sizes=\"auto, (max-width: 1000px) 100vw, 1000px\" \/><\/a><\/figure>\n<\/div>\n\n\n<p><\/p>\n","protected":false},"excerpt":{"rendered":"<p>Bienvenue sur le site de l&#8217; Amicale du CCFF de Puget sur Argens Carte d&#8217;acc\u00e8s aux massifs Nous sommes membres de L\u2019Association D\u00e9partementale des Comit\u00e9s Communaux Feux de For\u00eats du Var Nous faisons partie de la R\u00e9serve Communales de S\u00e9curit\u00e9 Civile (RCSC) de la ville de Puget sur Argens Formulaire d&#8217;adh\u00e9sion Derniers articles<\/p>\n","protected":false},"author":1,"featured_media":41,"parent":0,"menu_order":0,"comment_status":"closed","ping_status":"closed","template":"","meta":{"footnotes":""},"class_list":["post-28","page","type-page","status-publish","has-post-thumbnail","hentry"],"_links":{"self":[{"href":"https:\/\/amicale-ccff-pugetsurargens.org\/index.php\/wp-json\/wp\/v2\/pages\/28","targetHints":{"allow":["GET"]}}],"collection":[{"href":"https:\/\/amicale-ccff-pugetsurargens.org\/index.php\/wp-json\/wp\/v2\/pages"}],"about":[{"href":"https:\/\/amicale-ccff-pugetsurargens.org\/index.php\/wp-json\/wp\/v2\/types\/page"}],"author":[{"embeddable":true,"href":"https:\/\/amicale-ccff-pugetsurargens.org\/index.php\/wp-json\/wp\/v2\/users\/1"}],"replies":[{"embeddable":true,"href":"https:\/\/amicale-ccff-pugetsurargens.org\/index.php\/wp-json\/wp\/v2\/comments?post=28"}],"version-history":[{"count":18,"href":"https:\/\/amicale-ccff-pugetsurargens.org\/index.php\/wp-json\/wp\/v2\/pages\/28\/revisions"}],"predecessor-version":[{"id":218,"href":"https:\/\/amicale-ccff-pugetsurargens.org\/index.php\/wp-json\/wp\/v2\/pages\/28\/revisions\/218"}],"wp:featuredmedia":[{"embeddable":true,"href":"https:\/\/amicale-ccff-pugetsurargens.org\/index.php\/wp-json\/wp\/v2\/media\/41"}],"wp:attachment":[{"href":"https:\/\/amicale-ccff-pugetsurargens.org\/index.php\/wp-json\/wp\/v2\/media?parent=28"}],"curies":[{"name":"wp","href":"https:\/\/api.w.org\/{rel}","templated":true}]}}